{"id":96,"date":"2019-05-08T15:55:19","date_gmt":"2019-05-08T15:55:19","guid":{"rendered":"https:\/\/www.costechaude83.com\/?page_id=96"},"modified":"2019-05-10T15:56:28","modified_gmt":"2019-05-10T15:56:28","slug":"historique","status":"publish","type":"page","link":"https:\/\/www.costechaude83.com\/?page_id=96","title":{"rendered":"Historique"},"content":{"rendered":"\n<p>L\u2019association Agir pour Coste Chaude a \u00e9t\u00e9 cr\u00e9\u00e9e le 31 mars 2019. Nous \u00e9tions 9 riverains r\u00e9unis \u00e0 Coste Chaude\u00a0 pour prendre en charge et d\u00e9fendre notre habitat. <\/p>\n\n\n\n<div style=\"height:35px\" aria-hidden=\"true\" class=\"wp-block-spacer\"><\/div>\n\n\n\n<h5 class=\"wp-block-heading\">Un petit historique : <\/h5>\n\n\n\n<div style=\"height:35px\" aria-hidden=\"true\" class=\"wp-block-spacer\"><\/div>\n\n\n\n<h6 class=\"wp-block-heading\" style=\"text-align:center\"><strong>Mardi 18 octobre 2016<\/strong><\/h6>\n\n\n\n<p>A la mairie, r\u00e9vision du PLU (Plan Local d&rsquo;Urbanisme) prescrite par d\u00e9lib\u00e9ration du conseil municipal le 25 juillet 2014. &nbsp;<br>3 repr\u00e9sentants du CILLSOS sont pr\u00e9sents (Comit\u00e9 d\u2019Int\u00e9r\u00eat Local la Seyne Ouest et Sud) :<\/p>\n\n\n\n<ul><li>Avis du CIL (Comit\u00e9 d\u2019Int\u00e9r\u00eat Local)&nbsp;: <em>\u00ab\u00a0D&rsquo;apr\u00e8s la pr\u00e9sentation faite, le projet para\u00eet bien, constructif et agr\u00e9able. La circulation sera facilit\u00e9e.\u00a0\u00bb<\/em><\/li><li>La mairie&nbsp;: <em>\u00ab\u00a0le projet sera soumis \u00e0 enqu\u00eate publique (obligatoire).\u00a0\u00bb<\/em><\/li><\/ul>\n\n\n\n<p>Cette enqu\u00eate publique n&rsquo;a \u00e0 ce jour pas encore \u00e9t\u00e9 faite bien que promise par la mairie et nous pouvons \u00e9mettre un avis diff\u00e9rent sur la circulation facilit\u00e9e chemin Bonifay et Mauv\u00e9ou. <\/p>\n\n\n\n<hr class=\"wp-block-separator is-style-dots\"\/>\n\n\n\n<div style=\"height:35px\" aria-hidden=\"true\" class=\"wp-block-spacer\"><\/div>\n\n\n\n<h6 class=\"wp-block-heading\" style=\"text-align:center\"><strong>Samedi 7 juillet 2018<\/strong><\/h6>\n\n\n\n<p>La municipalit\u00e9 a convi\u00e9 les repr\u00e9sentants des comit\u00e9s de quartier et quelques habitants \u00e0 un tour&nbsp;de ville en bus&nbsp; afin de leur pr\u00e9senter les grandes lignes de la r\u00e9vision du plan local d\u2019urbanisme.<br>Ce tour en bus est pass\u00e9 bien inaper\u00e7u&nbsp; pour les habitants concern\u00e9s qui n\u2019ont pas vu alors une prise de contact annonc\u00e9e avec la population locale par la mairie.<\/p>\n\n\n\n<hr class=\"wp-block-separator is-style-dots\"\/>\n\n\n\n<div style=\"height:35px\" aria-hidden=\"true\" class=\"wp-block-spacer\"><\/div>\n\n\n\n<h6 class=\"wp-block-heading\" style=\"text-align:center\">Samedi <strong>8 septembre 2018<\/strong><\/h6>\n\n\n\n<p>R\u00e9union&nbsp; d\u2019information du CILLSOS au bar l\u2019Effet m\u00e8re \u2026 la population a commenc\u00e9 \u00e0 se rendre compte de l\u2019ampleur du projet et a montr\u00e9 sa d\u00e9sapprobation massivement et son manque d\u2019information.  <br>\u00c9taient alors pr\u00e9sents :<\/p>\n\n\n\n<p>Mme Nathalie BICAIS &#8211; Conseill\u00e8re d\u00e9partementale et municipale<br>Mme Marie VIAZZI &#8211; Conseill\u00e8re municipale charg\u00e9e de \u00ab\u00a0All\u00f4 La Seyne\u00a0\u00bb et r\u00e9f\u00e9rente aupr\u00e8s des CIL<br>Mme Lydia GARCIA &#8211; Repr\u00e9sentant \u00ab\u00a0Allo La Seyne\u00a0\u00bb<br>M. Claude ASTORE &#8211; Adjoint charg\u00e9 de la s\u00e9curit\u00e9 et des travaux, repr\u00e9sentant M. le Maire-   <br>M. Robert TEISSERE &#8211; Adjoint au Maire<br>M. Damien GUTTIEREZ &#8211; Conseiller d\u00e9partemental<br>M. Patrick DUCHEIX &#8211; Chef de la police Municipale  <\/p>\n\n\n\n<p>M. Le Maire devant assister au Forum des Associations, s\u2019est excus\u00e9 de ne pas assister \u00e0 cette r\u00e9union. Se sont \u00e9galement excus\u00e9s: Mme Virginie SANCHEZ et M. Joseph MUL\u00c9, Conseillers d\u00e9partementaux.<\/p>\n\n\n\n<p>M. Bardelli&nbsp;Pr\u00e9sident du CILLSOS&nbsp;a mis a disposition le projet Coste Chaude le lendemain &nbsp;9 Septembre sur le site du CILLSOS en pr\u00e9cisant&nbsp;: <em>\u00ab\u00a0Ce qui suit est un projet\u00a0\u00bb<\/em><\/p>\n\n\n\n<p>Mais ce projet c\u2019est&nbsp;: <\/p>\n\n\n\n<ul><li>Des blocs de b\u00e9ton, fa\u00e7on container<\/li><li>Des toitures terrasses <\/li><li>Des coursives ext\u00e9rieures (typiques de certains b\u00e2timents&nbsp; \u00e0 loyers mod\u00e9r\u00e9s \u2026) <\/li><li>Des b\u00e2timents en R + 2&nbsp; sup\u00e9rieurs \u00e0 6 m de hauteur<\/li><li>Une densit\u00e9 de logement 3 \u00e0 4 fois sup\u00e9rieure \u00e0 la densit\u00e9 du quartier (en impactant 30&nbsp;000 m\u00b2 sur la zone pr\u00e9existante on compte une quarantaine de logements et non  145 logements&nbsp;!)<\/li><li>Une augmentation de la population d\u2019environ 20 % ( le quartier d\u00e9nombre environ 2500 personnes, 145 logements cela va repr\u00e9senter environ 500 personnes soit 20% de plus et avec les m\u00eames structures\u2026 )<\/li><li>Aucune&nbsp; prise en compte des probl\u00e8mes de circulation(une augmentation de la circulation de 20 \u00e0 30 %,sur une zone d\u00e9j\u00e0 satur\u00e9e)<\/li><li>L&rsquo;inad\u00e9quation des structures scolaires. <\/li><li>La n\u00e9gation d\u2019une zone verte riche en flore et faune (pr\u00e9sence d\u2019orchid\u00e9es S\u00e9rapias\u2026) <\/li><li>L&rsquo;ignorance  des  bonnes&nbsp; r\u00e9solutions &nbsp;\u00e9nonc\u00e9es dans &nbsp;le projet d\u2019am\u00e9nagement et de d\u00e9veloppement durable&nbsp; PADD 2017&nbsp; de la Seyne sur Mer Extrait 9 le secteur Pavillonnaire , \u00e0 savoir : <\/li><\/ul>\n\n\n\n<p style=\"background-color:#f5f3f3\" class=\"has-background\"><em>\u00ab\u00a0<\/em> <br><em>&#8211;<\/em> <em> La&nbsp;n\u00e9cessit\u00e9 d\u2019int\u00e9gration dans le paysage au service de la biodiversit\u00e9 (Arc collinaire, boisements, bordure littorale\u2026)<br>&#8211; Maintenir une densit\u00e9 faible (emprise, espaces non imperm\u00e9abilis\u00e9s et distances par rapport aux limites)<br>&#8211; D\u00e9finir des r\u00e8gles de densit\u00e9 communes aux diff\u00e9rentes destinations pour fa\u00e7onner un paysage homog\u00e8ne<br>&#8211; Maintenir un cadre bois\u00e9 significatif<br>&#8211; Conserver des espaces bois\u00e9s class\u00e9s comme garde-fou de l\u2019urbanisation, notamment dans les sites collinaires<br>&#8211; Encourager des coul\u00e9es vertes en tant que lien entre les secteurs, au service de la trame verte<br>&#8211; La poursuite de l\u2019am\u00e9nagement de la zone Coste chaude, dans le cadre d\u2019un am\u00e9nagement global \u00e0 vocation d\u2019habitat soucieux d\u2019une bonne int\u00e9gration dans le site et inscrit dans une dimension \u00e9cologique affirm\u00e9e.\u00a0\u00bb<\/em><\/p>\n\n\n\n<hr class=\"wp-block-separator is-style-dots\"\/>\n\n\n\n<div style=\"height:35px\" aria-hidden=\"true\" class=\"wp-block-spacer\"><\/div>\n\n\n\n<h6 class=\"wp-block-heading\" style=\"text-align:center\"><strong>Lundi 26 novembre 2018<\/strong> <\/h6>\n\n\n\n<p>Un tractopelle \u00e9ventre&nbsp; le terrain de part en part. L\u2019INRAP (Institut National de Recherches Arch\u00e9ologiques Pr\u00e9ventives&nbsp; ) est charg\u00e9 de ce travail. Le terrain a \u00e9t\u00e9 d\u00e9frich\u00e9 la semaine pr\u00e9c\u00e9dente d\u2019une fa\u00e7on drastique. Le travail de fouille a mis \u00e0 mal tout le champ d\u2019orchid\u00e9es S\u00e9rapias. Il est \u00e0 noter qu\u2019aucun affichage pr\u00e9alable n\u2019a \u00e9t\u00e9 effectu\u00e9.<\/p>\n\n\n\n<p>Le projet a pris du galon \u2026 <br>La r\u00e9union d\u2019information de la population&nbsp; arrive le 5 mars\u2026 tr\u00e8s tardivement et le projet est pr\u00e9sent\u00e9 bien ficel\u00e9 sans&nbsp;concertation pr\u00e9alable avec un op\u00e9rateur Vinci d\u00e9j\u00e0 choisi. <br>Quid de l\u2019enqu\u00eate public annonc\u00e9e le 18 octobre 2016&nbsp;? <br>Quid de la prise en compte de la nette d\u00e9sapprobation&nbsp;manifest\u00e9e devant les \u00e9lus&nbsp;lors de la r\u00e9union du CILLSOS du 8 septembre 2018 pr\u00e9sentant ce qui n\u2019\u00e9tait qu\u2019un projet&nbsp;? <\/p>\n\n\n\n<hr class=\"wp-block-separator is-style-dots\"\/>\n\n\n\n<div style=\"height:35px\" aria-hidden=\"true\" class=\"wp-block-spacer\"><\/div>\n\n\n\n<h6 class=\"wp-block-heading\" style=\"text-align:center\"><strong>Mardi 5 mars 2019<\/strong><\/h6>\n\n\n\n<p>Source : MA. D. &#8211;&nbsp;var matin :<\/p>\n\n\n\n<div class=\"wp-block-image\"><figure class=\"alignleft is-resized\"><img loading=\"lazy\" decoding=\"async\" src=\"https:\/\/www.costechaude83.com\/wp-content\/uploads\/2019\/05\/5-mars-conseil-municipal-coste-chaude-721x1024.jpg\" alt=\"\" class=\"wp-image-372\" width=\"310\" height=\"439\" srcset=\"https:\/\/www.costechaude83.com\/wp-content\/uploads\/2019\/05\/5-mars-conseil-municipal-coste-chaude-721x1024.jpg 721w, https:\/\/www.costechaude83.com\/wp-content\/uploads\/2019\/05\/5-mars-conseil-municipal-coste-chaude-211x300.jpg 211w, https:\/\/www.costechaude83.com\/wp-content\/uploads\/2019\/05\/5-mars-conseil-municipal-coste-chaude-768x1091.jpg 768w, https:\/\/www.costechaude83.com\/wp-content\/uploads\/2019\/05\/5-mars-conseil-municipal-coste-chaude.jpg 800w\" sizes=\"(max-width: 310px) 100vw, 310px\" \/><\/figure><\/div>\n\n\n\n<p style=\"background-color:#f5f3f3\" class=\"has-background\"><em>Environ 150 riverains du quartier se sont rendus, mardi soir, \u00e0 la r\u00e9union de pr\u00e9sentation du \u00abprojet Coste Chaude\u00bb organis\u00e9e par la mairie.<\/em><br><em>Ce Programme immobilier fait Scandale chez les Riverains \u00e0 la Seyne. La ville de La Seyne s\u2019est heurt\u00e9e \u00e0 l\u2019hostilit\u00e9 des habitants quand elle leur a pr\u00e9sent\u00e9 un programme immobilier de 145 logements, dont un tiers de locatifs sociaux. Si on voulait faire un mauvais jeu de mots, on dirait que le \u00ab\u00a0projet Coste Chaude\u00a0\u00bb, dont les d\u00e9tails ont \u00e9t\u00e9 d\u00e9voil\u00e9s mardi soir en mairie, a \u00e9t\u00e9 accueilli fra\u00eechement par les riverains. Mais, en v\u00e9rit\u00e9, c\u2019est \u00e0 un toll\u00e9, aux quolibets, hu\u00e9es et autres invectives d\u2019une salle du conseil municipal pleine \u00e0 craquer qu\u2019ont d\u00fb faire face \u00e9lus et repr\u00e9sentants de l\u2019op\u00e9rateur en charge du programme immobilier controvers\u00e9. Rarement, ces derni\u00e8res ann\u00e9es, une rencontre de quartier en mairie avait connu un tel chahut. <\/em><br><br><strong><em>DES B\u00c2TIMENTS EN R+2<\/em><\/strong><em> l faut dire que la plupart des habitants de Coste Chaude, un secteur r\u00e9sidentiel parsem\u00e9 de petites villas et irrigu\u00e9 par des rues \u00e9troites, ont d\u00e9couvert l\u00e0 les d\u00e9tails d\u2019un projet imposant. Vinci Immobilier envisage en effet de construire 145 logements sur une friche naturelle de 3 hectares, dont des ensembles sur trois niveaux (R + 2). Outre la dimension du programme, le nombre d\u2019habitats sociaux qui y est pr\u00e9vu a fait bondir: 49, \u00e0 savoir un tiers du volume total, ainsi que 35 logements en accession ma\u00eetris\u00e9e. <\/em><br><br><strong><em>\u00ab\u00a0Urbaniser, ce n\u2019est pas massacrer\u00a0\u00bb<\/em><\/strong><em>, \u00ab\u00a0On ne veut pas de mixit\u00e9 sociale\u00a0\u00bb, \u00ab\u00a0\u00c7a va d\u00e9valuer nos biens immobiliers\u00a0\u00bb ou \u00ab\u00a0Stop au trafic automobile\u00a0\u00bb sont donc quelques- unes des r\u00e9actions qui ont \u00e9t\u00e9 entendues tout au long de la pr\u00e9sentation. L\u2019architecte a ensuite eu beau tenter de vendre l\u2019aspect bioclimatique ou les performances acoustiques du b\u00e2ti, le public a moqu\u00e9 le fait que \u00ab\u00a0les constructions ne ressemblent \u00e0 rien\u00a0\u00bb. C\u00f4t\u00e9 mairie, c\u2019est Denise Reverdito, adjointe d\u00e9l\u00e9gu\u00e9e \u00e0 l\u2019am\u00e9nagement durable du territoire, qui a p\u00e9niblement tent\u00e9 de faire entendre sa voix: \u00ab\u00a0C\u2019est un projet harmonieux et pas tr\u00e8s dense. On va assurer la protection des orchid\u00e9es pr\u00e9sentes sur les lieux. On a aussi pris le temps de la concertation : tous les CIL devaient faire remonter l\u2019info.\u00a0\u00bb Col\u00e8re dans les rangs de ces derniers! <\/em><br><br><strong><em>L\u2019ABSENCE DU MAIRE REMARQU\u00c9E<\/em><\/strong><em>&nbsp;&#8211; M\u00eame l\u2019argument de l\u2019historique du dossier, sens\u00e9 accr\u00e9diter le fait que la municipalit\u00e9 ne suit l\u00e0 que des prescriptions d\u2019urbanisme ant\u00e9rieures \u00e0 sa prise de fonction, n\u2019a pas fait mouche. \u00ab\u00a0Le terrain est class\u00e9 depuis 1991 en zone \u00e0 urbaniser. Il appartient aujourd\u2019hui \u00e0 EPF Paca et on ne peut pas en faire ce qu\u2019on veut\u00a0\u00bb, a plaid\u00e9 l\u2019\u00e9lue. Dans les trav\u00e9es, Nathalie Bicais, Sandra Torr\u00e8s et Damien Guttierez, tous \u00e9lus de l\u2019opposition et, \u00e0 des degr\u00e9s divers, d\u00e9j\u00e0 en campagne pour les municipales de 2020, ont aussi pris la parole pour s\u2019indigner et renvoyer la responsabilit\u00e9 de ce joli bazar au maire\u2026 dont l\u2019absence \u00e0 cette r\u00e9union a fait causer. Denise Reverdito a fini par l\u00e2cher qu\u2019elle avait entendu les critiques et que seraient \u00e9tudi\u00e9es d\u2019\u00e9ventuelles marges de man\u0153uvre. R\u00e9ponse dans le public: \u00ab\u00a0Votre projet, vous le reprenez, et vous en faites un autre!\u00a0\u00bb <\/em><br><br><strong><em>LE PROGRAMME IMMOBILIER EN BREF<\/em><\/strong><em>&nbsp;&#8211; Port\u00e9 par Vinci Immobilier, le projet Coste Chaude est un ensemble de 145 logements sur 3 hectares de terrain d\u00e9limit\u00e9s par les chemins de Mauv\u00e9ou et de Fernand-Bonifay. Cette zone est dite \u00e0 urbaniser dans le plan local d\u2019urbanisme depuis 2004. Le foncier, jadis parsem\u00e9 de vignes, et dont la partie sud a vu l\u2019apparition d\u2019une caserne de pompiers en 2009, a \u00e9t\u00e9 achet\u00e9 par EPF Paca entre 2010 et 2015 pour satisfaire aux vis\u00e9es de la municipalit\u00e9. Outre 96 logements en accession libre et ma\u00eetris\u00e9e, le programme pr\u00e9voit 49 appartements sociaux. C\u00f4t\u00e9 parking, on compte 221 places de stationnement, dont 174 souterraines. Un \u00e9largissement du chemin de Mauv\u00e9ou est pr\u00e9vu, ainsi que divers am\u00e9nagements dans la zone: voie centrale, espace de convivialit\u00e9 ou \u00ab\u00a0espaces verts structurants\u00a0\u00bb. <\/em><\/p>\n\n\n\n<p>Pour info qu\u2019est ce que L\u2019EPF, le propri\u00e9taire du terrain d\u00e9sormais&nbsp;? Si nous allons sur son site&nbsp;: <\/p>\n\n\n\n<p style=\"background-color:#f5f3f3\" class=\"has-background\"><em>\u00ab\u00a0Cr\u00e9\u00e9 en 2001, l\u2019Etablissement Public Foncier&nbsp;PACA&nbsp;met en \u0153uvre, pour le compte de l\u2019Etat et des collectivit\u00e9s territoriales qui en ont la comp\u00e9tence, des strat\u00e9gies fonci\u00e8res publiques. Il b\u00e9n\u00e9ficie des pr\u00e9rogatives de la puissance publique en mati\u00e8re d\u2019interventions fonci\u00e8res pour r\u00e9aliser sa mission. <br>L\u2019EPF&nbsp;PACA&nbsp;aide les collectivit\u00e9s \u00e0 assurer la ma\u00eetrise fonci\u00e8re de leurs projets. Il est un&nbsp;acc\u00e9l\u00e9rateur de projets&nbsp;capable de mobiliser des moyens d\u2019acquisition et d\u2019ing\u00e9nierie fonci\u00e8re. <br>Avant d\u2019engager des acquisitions,&nbsp;L\u2019EPF&nbsp;PACA&nbsp;accompagne les collectivit\u00e9s dans leur d\u00e9marche de projet. Il s\u2019attache \u00e0 rendre une&nbsp;op\u00e9ration d\u2019am\u00e9nagement faisable et \u00e9conomiquement raisonnable.\u00a0\u00bb<\/em><\/p>\n\n\n\n<hr class=\"wp-block-separator is-style-dots\"\/>\n\n\n\n<div style=\"height:35px\" aria-hidden=\"true\" class=\"wp-block-spacer\"><\/div>\n\n\n\n<h6 class=\"wp-block-heading\" style=\"text-align:center\">Lundi <strong>25 mars 2019<\/strong> &nbsp;<\/h6>\n\n\n\n<p>Conseil municipal <\/p>\n\n\n\n<p>Source Blog de Marc VUILLEMOT&nbsp;:&nbsp; <a href=\"http:\/\/www.marcvuillemot.com\">http:\/\/www.marcvuillemot.com<\/a><\/p>\n\n\n\n<p style=\"background-color:#f5f3f3\" class=\"has-background\"><em>\u00ab\u00a0Coste Chaude : c&rsquo;est le maire d&rsquo;il y a trente ans qui a ouvert \u00e0 la construction ! <\/em><br><br><em>Les mandats des quatre maires qui m&rsquo;ont pr\u00e9c\u00e9d\u00e9 se sont d\u00e9roul\u00e9s sans que nul ne trouve \u00e0 redire \u00e0 la&nbsp;d\u00e9cision d&rsquo;ouverture&nbsp;\u00e0 l&rsquo;urbanisation du terrain du quartier Costechaude propos\u00e9e au conseil municipal en 1991 par le maire de droite Charles Scaglia. Et c&rsquo;est mon pr\u00e9d\u00e9cesseur Arthur Paecht, lui aussi de droite, qui, en 2006, a enclench\u00e9 les proc\u00e9dures pour entamer cette urbanisation.<\/em><br><em>Il est tout de m\u00eame \u00e9trange que le sujet revienne sur le tapis 28 ans apr\u00e8s la d\u00e9cision&nbsp;originelle, sous une forme d&rsquo;une rare violence, activ\u00e9e par des \u00e9lus d&rsquo;une m\u00eame sensibilit\u00e9 que ceux qui furent \u00e0 la&nbsp;gen\u00e8se de l&rsquo;histoire, laissant entendre que, me levant un bon matin, j&rsquo;aurais d\u00e9cid\u00e9, sans en r\u00e9f\u00e9rer \u00e0 quiconque, de supprimer un espace naturel et de faire tourner les b\u00e9tonni\u00e8res.<\/em><br><br><em>La question s&rsquo;est invit\u00e9e \u00e0 la r\u00e9union du conseil municipal de ce lundi. \u00c7a m&rsquo;a donn\u00e9 l&rsquo;occasion de r\u00e9tablir des v\u00e9rit\u00e9s en&nbsp;faisant&nbsp;un petit rappel historique comment\u00e9&#8230;<\/em><br><em>Apr\u00e8s d\u00e9bat sur l&rsquo;opportunit\u00e9 d&rsquo;acheter le terrain o\u00f9 se trouve aujourd&rsquo;hui la caserne des pompiers de Mauv\u00e8ou et sa partie haute, au nord, jouxtant le chemin de Costechaude, Charles Scaglia (UDF) a opt\u00e9 en 1991 pour une ouverture totale \u00e0 l&rsquo;urbanisation de ce p\u00e9rim\u00e8tre. Ni Fran\u00e7ois H\u00e9risson (UMP) ni Maurice Paul (PCF), ses successeurs, n&rsquo;ont modifi\u00e9 le Plan d&rsquo;occupation des sols (POS) de l&rsquo;\u00e9poque. Le suivant, Arthur Paecht (UMP), a confirm\u00e9 ce choix, par un maintien en zonage \u00ab\u00a0\u00e0 urbaniser\u00a0\u00bb (AU) dans le Plan local d&rsquo;urbanisme (PLU) vot\u00e9 en 2004 que, moi, alors \u00e9lu minoritaire&#8230; je n&rsquo;ai pas vot\u00e9.<\/em><br><br><em>C&rsquo;est encore mon pr\u00e9d\u00e9cesseur qui, en 2007, a fait lancer les acquisitions des parcelles par l&rsquo;Etablissement public foncier r\u00e9gional (EPF), dans le cadre d&rsquo;une convention sign\u00e9e par l&rsquo;agglom\u00e9ration Toulon Provence M\u00e9diterran\u00e9e (TPM), consid\u00e9rant qu&rsquo;il s&rsquo;agissait d&rsquo;un \u00ab site \u00e0 enjeu strat\u00e9gique d&rsquo;habitat&nbsp;\u00bb.<\/em><br><br><strong>AUCUNE OPPOSITION EXPRIM\u00c9E&nbsp;EN PR\u00c8S DE 30 ANS<\/strong><br><br><em>Nul opposant au projet, personne physique du voisinage ou d&rsquo;ailleurs, ni comit\u00e9 d&rsquo;int\u00e9r\u00eat local des environs ou d&rsquo;ailleurs, ni association de d\u00e9fense de l&rsquo;environnement, qu&rsquo;elle soit de quartier, communale, nationale ou de l&rsquo;univers cosmique, n&rsquo;a alors fait conna\u00eetre quelque opposition au projet. Seuls ou en groupes structur\u00e9s, les gens avaient conscience des besoins de r\u00e9ponses \u00e0 la crise de l&rsquo;habitat, m\u00eame les voisins des alentours imm\u00e9diats qui auraient bien s\u00fbr pr\u00e9f\u00e9r\u00e9 conserver cet ancien espace agricole qui s&rsquo;est peu \u00e0 peu arbor\u00e9. Et m\u00eame moi, malgr\u00e9 ma nostalgie des ann\u00e9es 70 o\u00f9 mes amis et moi y venions \u00e0 mobylette des quartiers Nord pour flirter avec nos copines du Sud. Autres temps d&rsquo;harmonie entre quartiers&#8230;<\/em><br><br><em>De 2007 \u00e0 2015, l&rsquo;EPF a poursuivi les acquisitions des parcelles, investissant 2 millions d&rsquo;euros. \u00c7a s&rsquo;est fait d&rsquo;autant plus publiquement que, dans cette p\u00e9riode, s&rsquo;est d\u00e9roul\u00e9e la r\u00e9vision du PLU qui a confirm\u00e9 la vocation r\u00e9sidentielle mod\u00e9r\u00e9e de ces terrains. D&rsquo;innombrables r\u00e9unions publiques, au-del\u00e0 de celles impos\u00e9es par la loi pour la r\u00e9vision d&rsquo;un PLU, se sont tenues : aucune r\u00e9serve n&rsquo;a \u00e9t\u00e9 enregistr\u00e9e sur ce dossier. Et le PLU r\u00e9vis\u00e9 a \u00e9t\u00e9 vot\u00e9&nbsp;<strong>\u00e0 l&rsquo;unanimit\u00e9<\/strong>&nbsp;(gauche et&nbsp;droite) par le Conseil municipal en 2010.<\/em><br><br><em>En 2013, le&nbsp;comit\u00e9 d&rsquo;int\u00e9r\u00eat local (CIL) du quartier, repr\u00e9sentant&nbsp;des habitants, a valid\u00e9 l&rsquo;id\u00e9e en r\u00e9union ouverte, tout en demandant \u00e0 \u00eatre tenu au courant&nbsp;&nbsp;\u00ab pour ne pas laisser courir la rumeur publique (&#8230;) qui dit tout et n&rsquo;importe quoi \u00bb. En 2015, un projet r\u00e9sidentiel a donc \u00e9t\u00e9 soumis aux divers CIL.&nbsp;Une r\u00e9union publique sur les enjeux pavillonnaires du PLU s&rsquo;est tenue le 30 juin de cette ann\u00e9e-l\u00e0, au cours de laquelle un projet de 150 logements \u00e0 Costechaude a \u00e9t\u00e9 pr\u00e9sent\u00e9. En octobre 2016, dans une salle pleine, s&rsquo;est tenue une autre r\u00e9union publique, o\u00f9 les avis exprim\u00e9s ont \u00e9t\u00e9 en substance : \u00ab Ce n&rsquo;est pas mal, on s&rsquo;attendait \u00e0 pire \u00bb.<\/em><br><br><strong>UN PROJET DANS LA CONTINUIT\u00c9 DE CELUI DE MES PR\u00c9D\u00c9CESSEURS<\/strong><br><br><em>Vu les avis favorables recueillis, j&rsquo;ai donc demand\u00e9 \u00e0 l&rsquo;EPF la poursuite du travail sur le programme. Il a lanc\u00e9 un appel \u00e0 projets auquel les \u00e9lus communaux n&rsquo;ont pas pris part. Le projet qui a \u00e9t\u00e9 retenu par l&rsquo;\u00e9tablissement foncier comprend finalement 145 logements, dont&nbsp;61 logements libres, 35 logements interm\u00e9diaires, dont 20 \u00e0 30 % sous les prix du march\u00e9, et 49 logements sociaux ; pour ces derniers, il demeure un point \u00e0 trancher, la Ville souhaitant les voir g\u00e9rer par&nbsp;UNICIL, filiale du groupe&nbsp;Action Logement&nbsp;sp\u00e9cialis\u00e9e dans le logement des salari\u00e9s des entreprises locales, tandis que TPM, comp\u00e9tente en mati\u00e8re d&rsquo;habitat, opterait plut\u00f4t pour le futur office m\u00e9tropolitain d&rsquo;HLM r\u00e9sultant fin 2020 de la fusion de&nbsp;Terres du Sud Habitat&nbsp;et de&nbsp;Toulon Habitat M\u00e9diterran\u00e9e.<\/em><br><br><em>Dans le m\u00eame temps, j&rsquo;ai demand\u00e9 \u00e0 la m\u00e9tropole de pr\u00e9voir la requalification des voiries adjacentes \u00e0 la propri\u00e9t\u00e9 remembr\u00e9e.<\/em><br><br><em>Je me suis ainsi inscrit dans la continuit\u00e9 r\u00e9publicaine des choix de mes pr\u00e9d\u00e9cesseurs de toutes tendances politiques, desquels j&rsquo;aurais d&rsquo;ailleurs eu du mal \u00e0 me d\u00e9gager car, entre temps, les obligations de productions de logements se sont impos\u00e9es aux maires par la Loi et par sa traduction en objectifs annuels concrets et chiffr\u00e9s, commune par commune, et&nbsp;quartier par quartier, qu&rsquo;est le Programme local de l&rsquo;habitat (PLH) de TPM.<\/em><br><br><em>L&rsquo;objectif l\u00e9gal est de produire 10.989 logements dans la m\u00e9tropole TPM, initialement entre 2010 et 2016, terme prolong\u00e9 depuis lors, dont 4.313 logements sociaux (39%). Pour La Seyne, l&rsquo;objectif l\u00e9gal contraint est de 1.458 logements, parmi lesquels 450 logements sociaux (31%). Et pour nos quartiers Sud et Est seynois, le PLH impose la construction de 965 logements, dont 300 logements sociaux (31%).<\/em><br><br><strong>LA LOI ET LES OBLIGATIONS DE GESTION S&rsquo;IMPOSENT \u00c0 TOUS<\/strong><br><br><em>Ce sujet de Costechaude me donne l&rsquo;occasion de rappeler..<\/em><br><em>&#8211; que le PLH r\u00e9sulte de la loi n\u00ba 2006-872 du 13 juillet 2006 vot\u00e9e par la majorit\u00e9 de droite du Parlement ;<\/em><br><em>&#8211; que le PLH est \u00e9labor\u00e9 avec des consultations publiques, et qu&rsquo;il fait l&rsquo;objet de bilans d&rsquo;\u00e9tape vot\u00e9s chaque ann\u00e9e \u00e0 l&rsquo;unanimit\u00e9 des \u00e9lus de droite et de gauche de TPM et publi\u00e9s ;<\/em><br><em>&#8211; que les \u00e9lus de gauche seynois de TPM ont \u00e9t\u00e9 les seuls \u00e0 ne pas voter le PLH de l&rsquo;agglom\u00e9ration en 2009-2010, estimant que l&rsquo;effort devait \u00eatre mieux r\u00e9parti sur les douze communes ;<\/em><br><em>&#8211; que, \u00e0 mon initiative, la r\u00e9vision du PLU de 2010 a permis de r\u00e9duire de moiti\u00e9 la surface des zones de plus haute densit\u00e9 de construction et, au sein de chaque parcelle, de r\u00e9duire de moiti\u00e9 la constructibilit\u00e9, et de prot\u00e9ger de nouveaux espaces naturels ou agricoles ;<\/em><br><em>&#8211; que, sauf \u00e0 disposer des moyens financiers d&rsquo;acqu\u00e9rir au prix pharamineux du terrain constructible et d&rsquo;y r\u00e9aliser un \u00e9quipement d&rsquo;utilit\u00e9 publique, la Loi interdit \u2013 heureusement pour les particuliers ! \u2013 \u00e0 une collectivit\u00e9 de d\u00e9classer une parcelle constructible ; or chacun connait la situation financi\u00e8re seynoise que, avec les efforts que je d\u00e9ploie depuis onze ans, j&rsquo;ai d&rsquo;ores et d\u00e9j\u00e0 am\u00e9lior\u00e9e (dette r\u00e9duite de pr\u00e8s de 30 millions d&rsquo;euros, ren\u00e9gociation de 27 millions d&rsquo;euros d&#8217;emprunts toxiques, dur\u00e9e de d\u00e9sendettement ramen\u00e9e de 99 ans \u00e0 12&nbsp;ans, budget de fonctionnement des services ramen\u00e9 au niveau de 2004, etc.), mais qui, demeurant fragile et \u00e0 conforter, m&rsquo;interdit tout nouvel investissement public autre que ceux engag\u00e9s, obligatoires ou impos\u00e9s par la s\u00e9curit\u00e9 ; et, quand bien m\u00eame, quel \u00e9quipement public pourrait trouver sa place en pareil site ?&#8230;&nbsp;<\/em><br><em>&#8211; que, \u00e0 La Seyne comme dans tout le Var, 7 foyers sur 10 sont \u00e9ligibles au logement social, que la Loi impose \u00e0 chaque commune 25% de logements sociaux, que La Seyne est hors-la-loi avec moins de 19%, que la Loi interdit de construire de nouveaux logements sociaux \u00e0 Berthe et au centre ancien, qu&rsquo;il est inflig\u00e9 depuis 2018 \u00e0 la commune une \u00ab\u00a0amende\u00a0\u00bb sous forme de r\u00e9faction de plus de 320.000 euros sur les versements des imp\u00f4ts locaux, et que, la Ville ne rattrapant pas assez vite son retard, la r\u00e9faction pour 2019 pourrait atteindre 600.000 euros.<\/em><br><br><strong>SOLIDARIT\u00c9 ENTRE TERRITOIRES, HARMONIE ENTRE CITOYENS<\/strong><br><br><em>Oui, c&rsquo;est une r\u00e9alit\u00e9 : \u00e0 La Seyne comme ailleurs, nous sommes tr\u00e8s loin d&rsquo;avoir atteint les objectifs l\u00e9gaux de cr\u00e9ation de logements, tandis que l\u2019offre diminue, la population augmente du fait de notre attractivit\u00e9, le logement secondaire chez nous commence \u00e0 \u00eatre pris\u00e9, les propri\u00e9taires de logements privil\u00e9gient les locations meubl\u00e9es de vacances, les familles monoparentales se multiplient et accentuent les besoins.<\/em><br><br><em>Pour beaucoup, se loger est hors de prix, \u00e0 moins de s\u2019exiler de plus en plus loin hors la ville. On compte en permanence 12.000 familles en attente d&rsquo;un logement social dans la m\u00e9tropole, dont 3000 \u00e0 La Seyne.<\/em><br><em>Malgr\u00e9 ce, la loi de solidarit\u00e9 urbaine est combattue, les pr\u00e9s carr\u00e9s r\u00e9sistent.<\/em><br><br><em>Pour une juste r\u00e9partition qui ne d\u00e9nature ni les paysages ni les sociologies, nous devons \u00eatre des maires b\u00e2tisseurs qui r\u00e9gulent les exc\u00e8s, organisent les espaces, \u00e9quilibrent la ville, exercent la solidarit\u00e9 intercommunale. Or certains, ultimes r\u00e9fractaires, choisissent encore de payer des \u00ab\u00a0amendes\u00a0\u00bb toujours plus \u00e9lev\u00e9es, surco\u00fbt du privil\u00e8ge pr\u00e9serv\u00e9.<\/em><br><br><em>Alors, oui, au cas par cas, comme au sujet de Coste Chaude, je comprends que \u00e7a regimbe ! Faut-il s\u2019en \u00e9tonner ? Pour certains politiciens patent\u00e9s, exacerb\u00e9s qu\u2019ils sont par de prochaines \u00e9ch\u00e9ances \u00e9lectorales, c\u2019est d\u00e9j\u00e0 une outrance d&rsquo;esp\u00e9rer les voir raison garder, rappeler les faits historiques avec objectivit\u00e9, ne pas faire fl\u00e8che de tout bois pour attiser de l\u00e9gitimes soucis. Cette situation n&rsquo;aurait d&rsquo;autre effet que&nbsp;muer la d\u00e9mocratie participative en camp retranch\u00e9 \u00e9lectoral, interdisant l&rsquo;\u00e9change libre et serein, seul \u00e0 m\u00eame de faire entendre des questions et suggestions que les riverains peuvent par ailleurs, l\u00e9gitimement, exprimer encore sur le projet et sa mise en \u0153uvre.<\/em><br><br><em>Ceux \u2013 heureusement rares \u00e0 La Seyne \u2013 qui souhaitent rester dans leur quant-\u00e0-soi, \u00e0 la fois vendent des terrains \u00e0 b\u00e2tir et d\u00e9plorent que leurs enfants, devenus adultes, n\u2019arrivent pas \u00e0 se loger.<\/em><br><em>Leur logique indique \u00ab parquez les pauvres entre eux,&nbsp;pas de pauvres chez nous \u00bb. Et, dans le m\u00eame temps, les voil\u00e0 qui s\u2019insurgent des d\u00e9penses r\u00e9alis\u00e9es pour la r\u00e9novation urbaine des quartiers populaires (pourtant mise en \u0153uvre \u00e0 La Seyne par mon pr\u00e9d\u00e9cesseur de droite&#8230;).<\/em><br><br><em>Que veulent-ils ? La paix chez eux, la crasse l\u00e0-bas ? Ils auront, s\u2019ils ne prennent garde \u00e0 ne rien partager ni \u00eatre citoyens solidaires, et le d\u00e9rangement et la souillure.<\/em><br><br><strong>AUX OUTRANCES,&nbsp;PR\u00c9F\u00c9RER&nbsp;LA&nbsp;M\u00c9THODE, LE DIALOGUE ET L&rsquo;\u00c9THIQUE<\/strong><br><br><em>\u00c0 tous ceux qui s&rsquo;inqui\u00e8tent pour Costechaude, je dis : \u00ab Revenez \u00e0 une lecture objective et honn\u00eate du projet et vous constaterez qu\u2019il est respectueux de l\u2019environnement, raisonnable dans ses dimensions, moderne dans sa conception \u00bb. Tr\u00e8s loin des outrances prof\u00e9r\u00e9es pour l\u2019emp\u00eacher au nom des \u00e9go\u00efsmes et des ambitions \u00e9lectives.<\/em><br><br><em>Depuis 2008, ann\u00e9e de mon \u00e9lection, tout s&rsquo;est d\u00e9roul\u00e9 conform\u00e9ment aux orientations initiales et avec un souci de clart\u00e9 et de transparence. Je mets en \u0153uvre le projet que les Seynois m&rsquo;ont demand\u00e9 de r\u00e9aliser en m&rsquo;\u00e9lisant et me r\u00e9\u00e9lisant, tout en respectant les engagements pris par mes pr\u00e9d\u00e9cesseurs, en appliquant la Loi, en recherchant l&rsquo;harmonie entre tous les quartiers, en recueillant avec constance les avis de mes concitoyens, et en respectant les minorit\u00e9s politiques qui ont, comme nulle part ailleurs dans notre m\u00e9tropole, un droit permanent \u00e0 l&rsquo;information et \u00e0 l&rsquo;expression.<\/em><br><br><em>Je n&rsquo;ai aucune intention de changer, ni de m\u00e9thode de dialogue, ni d&rsquo;\u00e9thique. \u00bb<\/em><\/p>\n\n\n\n<p>C\u2019est long&nbsp;!!&nbsp;mais nous avons l\u00e0 le point de vue&nbsp;clairement exprim\u00e9e de M. Le Maire. <\/p>\n\n\n\n<p><strong>Quelques commentaires&nbsp;: <\/strong><\/p>\n\n\n\n<ul><li>Est il utile de remonter dans le temps au si\u00e8cle dernier&nbsp;? Beaucoup d\u2019entre vous n&nbsp;\u2018\u00e9taient pas encore pr\u00e9sents. Le pensum est long fastidieux soporifique pour l\u2019assembl\u00e9e&nbsp; et les anecdotes inutiles.<\/li><\/ul>\n\n\n\n<ul><li>Cependant nous, nous&nbsp; \u00e9tions pr\u00e9sents \u00e0 cette p\u00e9riode&nbsp; et&nbsp; nous ne pouvons &nbsp;accepter ce &nbsp;discours&nbsp;: <em>\u00ab\u00a0Nul opposant au projet, personne physique du voisinage &nbsp;ou d&rsquo;ailleurs, ni comit\u00e9 d&rsquo;int\u00e9r\u00eat local des environs ou d&rsquo;ailleurs, ni association de d\u00e9fense de l&rsquo;environnement, qu&rsquo;elle soit de quartier, communale, nationale ou de l&rsquo;univers cosmique, n&rsquo;a alors fait conna\u00eetre quelque opposition au projet\u2026\u00a0\u00bb<\/em>  Jeunes parents,&nbsp; nouvel acquisiteur d\u2019une maison, tiraill\u00e9s entre l\u2019\u00e9ducation de  nos enfants , l\u2019entretien d\u2019une nouvelle propri\u00e9t\u00e9 , une activit\u00e9 professionnelle en &nbsp; pleine essor, il n\u2019y a gu\u00e8re de temps pour \u00e9plucher et comprendre les d\u00e9dales &nbsp;des d\u00e9lib\u00e9rations municipales. Nous faisions confiance \u00e0 nos \u00e9lus pour nous d\u00e9fendre et nous tenir inform\u00e9s. La presse existe, les affichages existent\u2026 <\/li><\/ul>\n\n\n\n<ul><li>L\u2019\u00e9ventualit\u00e9 de la construction d\u2019un coll\u00e8ge avait &nbsp;alors \u00e9t\u00e9 \u00e9voqu\u00e9e et la &nbsp;grande  majorit\u00e9 de la population \u00e9tait au courant rapidement sans que le projet soit mont\u00e9. Nous \u00e9tions donc \u00e0 l\u2019\u00e9coute des informations distill\u00e9es avec des avis partag\u00e9s, mais ce projet et ce plan sont&nbsp; arriv\u00e9s tr\u00e8s brutalement. <\/li><\/ul>\n\n\n\n<ul><li>Le comit\u00e9 de quartier n\u2019a pas su nous d\u00e9fendre&nbsp;! Oui mais faut il rappeler que ce sont des b\u00e9n\u00e9voles et qu\u2019ils n\u2019ont ni vocation&nbsp; ni mission \u00e0 nous repr\u00e9senter car non \u00e9lus par les habitants de ce quartier. Nous pouvons d\u2019ailleurs constater qu\u2019aucun qui n\u2019a particip\u00e9 aux r\u00e9unions en mairie&nbsp;(cf. R\u00e9union du 18 oct 2016) n\u2019\u00e9tait riverain du projet. L\u2019avis consultatif de ces personnes ne repr\u00e9sente rien que l\u2019avis de 3 habitants seynois qui&nbsp;\u00e9taient pr\u00e9sents ce jour l\u00e0 en mairie pour faire le nombre. <\/li><\/ul>\n\n\n\n<ul><li>Il faut respecter la loi&nbsp;! Cet argument&nbsp; est martel\u00e9 sans cesse par M. le Maire. L\u2019obligation est de 25 % de logement sociaux \u2026 mais pourquoi nous parler de logements exclusivement et de b\u00e9tonnage&nbsp;? Pourquoi b\u00e2tir \u00e0 outrance&nbsp;? Nous voil\u00e0 &nbsp;pr\u00e9sent\u00e9s comme&nbsp; les sudistes conf\u00e9d\u00e9r\u00e9s&nbsp; refusant la paix sociale et  l\u2019\u00e9galit\u00e9&nbsp;!&nbsp; Bient\u00f4t racistes&nbsp;! Devons nous nous sentir coupable de payer la &nbsp;majorit\u00e9 des  imp\u00f4ts de notre ville et de vouloir pr\u00e9server un carr\u00e9 de verdure ? <\/li><\/ul>\n\n\n\n<p>Le refus n\u2019est pas celui de l\u2019autre, c\u2019est le refus du b\u00e9tonnage et surtout de la concertation pour un projet qui peut exister.&nbsp; <\/p>\n\n\n\n<hr class=\"wp-block-separator is-style-dots\"\/>\n\n\n\n<div style=\"height:35px\" aria-hidden=\"true\" class=\"wp-block-spacer\"><\/div>\n\n\n\n<h6 class=\"wp-block-heading\" style=\"text-align:center\"><strong>Vendredi\n29 Mars 2019<\/strong><\/h6>\n\n\n\n<p>Assembl\u00e9e G\u00e9n\u00e9rale du CILLSOS<\/p>\n\n\n\n<p>Le pr\u00e9sident Jean-Claude Bardelli a demand\u00e9 en d\u00e9but de s\u00e9ance qu\u2019une ambiance&nbsp;de dialogue prime avant tout :<\/p>\n\n\n\n<p style=\"background-color:#f5f3f3\" class=\"has-background\"><em>\u00ab\u00a0Au nom du CIL nous souhaitons que soit mis un terme aux constructions de logements collectifs&nbsp; dans les quartiers&nbsp; et que cette volont\u00e9 soit inscrite dans la r\u00e9vision du PLU. Ces constructions entrainent une perte de qualit\u00e9 de vie , et \u00e0 cet \u00e9gard le projet immobilier \u00e0 Coste Chaude doit \u00eatre revu et corrig\u00e9&nbsp;pour r\u00e9duire le nombre de logements et ne pas d\u00e9passer la hauteur de R+ 1\u00a0\u00bb<\/em><\/p>\n\n\n\n<p>Nous pouvons \u00eatre heureux que M Bardelli\nprennent notre d\u00e9fense mais malheureusement il ne parle pas en notre nom, &nbsp;et ne d\u00e9sirons nous pas une refonte totale de\nce projet&nbsp;?<\/p>\n\n\n\n<p>L\u2019atmosph\u00e8re \u00e9tait houleuse et la majorit\u00e9 des questions a tourn\u00e9 autour du projet Coste Chaude.<br>\u00c9taient pr\u00e9sents entre autres&nbsp;: <br><br>Mme Emilie Guerel&nbsp;&#8211; D\u00e9put\u00e9e de notre circonscription<br>M. Marc Vuillemot &#8211; Maire de la Seyne <br>Mme Nathalie Bicais &#8211;&nbsp;Conseill\u00e8re d\u00e9partementale <br>Mme Sandra Torres&nbsp;&#8211; Conseill\u00e8re r\u00e9gionale PACA<br>M. Gilles Vincent &#8211; Maire de Saint-Mandrier&nbsp; et repr\u00e9sentant M.Hubert Falco pour TPM <br>Mme Denise Reverdito&nbsp; &#8211; 3<sup>\u00e8me<\/sup> Adjointe \u00e0 la mairie de la Seyne sur mer en charge du projet Coste qui s\u2019est absent\u00e9e avant la fin . <br>M.Claude Astore &#8211; 4<sup>\u00e8me<\/sup> Adjoint \u00e0 la mairie de la Seyne sur mer<br>Mme Sandy Marchesini &#8211; Conseill\u00e8re municipale <\/p>\n\n\n\n<p>M. le maire a refait son discours historique du 25 mars&nbsp; (long tr\u00e8s long ..) Le maire a maintenu ses arguments mais s\u2019est dit pr\u00eat <em>\u00ab\u00a0\u00e0 discuter pour l\u2019am\u00e9liorer\u00a0\u00bb&nbsp;<\/em><\/p>\n\n\n\n<p>J\u2019ai pris la parole et ai interpell\u00e9 le maire <em>\u00ab\u00a0<strong>Non on ne nous a pas demand\u00e9 notre avis<\/strong> <strong>une enqu\u00eate publique nous avait \u00e9t\u00e9 promises en 2016 et nous l\u2019attendons encore<\/strong>\u00ab\u00a0<\/em><\/p>\n\n\n\n<p>Mme la d\u00e9put\u00e9e Emilie Guerel&nbsp;a soulign\u00e9e qu\u2019une enqu\u00eate publique est obligatoire&nbsp;au dessus de 10000 M2 de construction.&nbsp;Si nous faisons un rapide calcul 10 000\/145 logements&nbsp;\u00e7a donne 69 M2 par logement\u2026 c\u2019est juste petit mais est ce le cas&nbsp;? et le calcul tombe alors trop bien. <\/p>\n\n\n\n<p>M. le Maire joint le lendemain par le journaliste de Var Matin M. Guillon a pr\u00e9cis\u00e9&nbsp;: <\/p>\n\n\n\n<p style=\"background-color:#f5f3f3\" class=\"has-background\"><em>\u00ab\u00a0je vais demander \u00e0 ce que soit mise en place une concertation \u2013 qu\u2019elle soit r\u00e9glementaire , institutionnelle&nbsp; ou par le biais de groupes de travail avec les gens \u2013 pour amender&nbsp; le projet afin de le rendre acceptable pour les riverains\u00a0\u00bb<\/em><\/p>\n\n\n\n<p>Le dialogue devrait donc s\u2019installer. A ce jour une r\u00e9union est pr\u00e9vue le 20 juin en mairie. <\/p>\n\n\n\n<p><br>Au sein de l\u2019opposition pr\u00e9sente ce jour l\u00e0 il faut noter&nbsp;: <\/p>\n\n\n\n<p>Mme Sandra&nbsp; Torres&nbsp;: <\/p>\n\n\n\n<p style=\"background-color:#f5f3f3\" class=\"has-background\"><em>\u00ab\u00a0Ce projet soit vous le maintenez , soit vous le modifiez , soit vous l\u2019abandonnez&nbsp; &#8211; il faut une proposition&nbsp; beaucoup plus raisonnable que 144 logements en R+2 . sans oublier que plus on va construire , plus la demande sera importante , puisque le pourcentage de logements sociaux impos\u00e9s par la loi d\u00e9pend du nombre de r\u00e9sidences principales.\u00a0\u00bb<\/em><\/p>\n\n\n\n<p>Mme Nathalie Bicais&nbsp;: <\/p>\n\n\n\n<p style=\"background-color:#f5f3f3\" class=\"has-background\"><em>\u00ab\u00a0Sur cet espace , on peut changer de projet \u2013sans devoir rembourser \u00e0 l\u2019EPFR le co\u00fbt d\u2019acquisition des terrains&nbsp; (2,8 millions) \u2013 si on conserve une destination d\u2019int\u00e9r\u00eat public. Et il y a d\u2019autres objectifs que le logement \u00e0 mettre en \u0153uvre dans le quartier , en termes de projets \u00e9conomiques et d\u2019\u00e9quipements&nbsp; de loisirs ou de service \u00e0 la population.\u00a0\u00bb<\/em><\/p>\n\n\n\n<hr class=\"wp-block-separator is-style-dots\"\/>\n\n\n\n<div style=\"height:35px\" aria-hidden=\"true\" class=\"wp-block-spacer\"><\/div>\n\n\n\n<h6 class=\"wp-block-heading\" style=\"text-align:center\"><strong>Dimanche 31 mars 2019<\/strong><\/h6>\n\n\n\n<p>Assembl\u00e9e g\u00e9n\u00e9rale constitutive de notre association Agir pour Coste Chaude <\/p>\n\n\n\n<p>Etaient pr\u00e9sents&nbsp;: M. Arbiol Xavier, M. Bonnot Alain, Mme Merlot Genevi\u00e8ve, M. Merlot Jean, M. Pierini Patrizio, Mme Pierini Fran\u00e7oise, M.&nbsp;Sumian Michel, Mme.&nbsp;Bach Aurore, M.&nbsp;Bach Jean-Fran\u00e7ois <\/p>\n\n\n\n<p>Nous \u00e9tions plusieurs en contact mail depuis d\u00e9j\u00e0 la r\u00e9union de Mme Nathalie Bicais du 14 mars&nbsp;aux Sablettes. La d\u00e9cision de cr\u00e9er une association \u00e9tait \u00e9vidente et il fallait trouver les bonnes volont\u00e9s n\u00e9cessaires. <\/p>\n\n\n\n<p>La cr\u00e9ation des statuts a pris un peu de temps; par souci de praticit\u00e9 et de modernit\u00e9 nous ne voulions pas de courrier&nbsp;mais uniquement des mails&nbsp;et pour d\u00e9buter aucune cotisation de demand\u00e9e.<\/p>\n\n\n\n<p>En parall\u00e8le Cl\u00e9ment Jacques (mon jeune voisin) a lanc\u00e9 une p\u00e9tition sur change.org le 8 mars 2019&nbsp;: <a href=\"http:\/\/chng.it\/xPfxXw7tNX\">http:\/\/chng.it\/xPfxXw7tNX<\/a><\/p>\n\n\n\n<p>A ce jour&nbsp;8 mai 2019 nous avons recueilli 1020 signatures.<\/p>\n\n\n\n<p>J\u2019ai repris cette p\u00e9tition \u00e0 mon nom avec son accord par soucis de simplicit\u00e9. <\/p>\n\n\n\n<hr class=\"wp-block-separator is-style-dots\"\/>\n\n\n\n<div style=\"height:35px\" aria-hidden=\"true\" class=\"wp-block-spacer\"><\/div>\n\n\n\n<h6 class=\"wp-block-heading\" style=\"text-align:center\"><strong>Samedi 13 avril 2019 <\/strong><\/h6>\n\n\n\n<p>L\u2019association Agir pour Coste Chaude APCC83 est publi\u00e9e au JOAFE. <\/p>\n\n\n\n<hr class=\"wp-block-separator is-style-default\"\/>\n\n\n\n<div style=\"height:67px\" aria-hidden=\"true\" class=\"wp-block-spacer\"><\/div>\n\n\n\n<p>Jean-Fran\u00e7ois Bach  <\/p>\n\n\n\n<p>Pr\u00e9sident d \u2018Agir pour Coste Chaude                                                                                                                                                                                                                            <\/p>\n\n\n\n<p> <\/p>\n","protected":false},"excerpt":{"rendered":"<p>L\u2019association Agir pour Coste Chaude a \u00e9t\u00e9 cr\u00e9\u00e9e le 31 mars 2019. Nous \u00e9tions 9 riverains r\u00e9unis \u00e0 Coste Chaude\u00a0 pour prendre en charge et d\u00e9fendre notre habitat. Un petit historique : Mardi 18 octobre 2016 A la mairie, r\u00e9vision du PLU (Plan Local d&rsquo;Urbanisme) prescrite par d\u00e9lib\u00e9ration du conseil [&hellip;]<\/p>\n","protected":false},"author":3,"featured_media":0,"parent":0,"menu_order":0,"comment_status":"closed","ping_status":"closed","template":"","meta":{"footnotes":""},"_links":{"self":[{"href":"https:\/\/www.costechaude83.com\/index.php?rest_route=\/wp\/v2\/pages\/96"}],"collection":[{"href":"https:\/\/www.costechaude83.com\/index.php?rest_route=\/wp\/v2\/pages"}],"about":[{"href":"https:\/\/www.costechaude83.com\/index.php?rest_route=\/wp\/v2\/types\/page"}],"author":[{"embeddable":true,"href":"https:\/\/www.costechaude83.com\/index.php?rest_route=\/wp\/v2\/users\/3"}],"replies":[{"embeddable":true,"href":"https:\/\/www.costechaude83.com\/index.php?rest_route=%2Fwp%2Fv2%2Fcomments&post=96"}],"version-history":[{"count":59,"href":"https:\/\/www.costechaude83.com\/index.php?rest_route=\/wp\/v2\/pages\/96\/revisions"}],"predecessor-version":[{"id":442,"href":"https:\/\/www.costechaude83.com\/index.php?rest_route=\/wp\/v2\/pages\/96\/revisions\/442"}],"wp:attachment":[{"href":"https:\/\/www.costechaude83.com\/index.php?rest_route=%2Fwp%2Fv2%2Fmedia&parent=96"}],"curies":[{"name":"wp","href":"https:\/\/api.w.org\/{rel}","templated":true}]}}